{"id":34,"date":"2014-02-22T09:10:35","date_gmt":"2014-02-22T09:10:35","guid":{"rendered":"http:\/\/vdamk.hu\/?page_id=34"},"modified":"2014-11-21T09:37:10","modified_gmt":"2014-11-21T09:37:10","slug":"festeszet","status":"publish","type":"page","link":"https:\/\/vdamk.hu\/?page_id=34","title":{"rendered":"Fest\u00e9szet"},"content":{"rendered":"<p style=\"text-align: justify;\">A 106 \u00f3r\u00e1s foglalkoz\u00e1ssorozat n\u00e9gy r\u00e9szre tagol\u00f3dott: ismeretterjeszt\u0151 szakasz, kreat\u00edv szakasz, szintetiz\u00e1l\u00f3 szakasz, marketing szakasz.<\/p>\n<p style=\"text-align: justify;\">A foglalkoz\u00e1sok c\u00e9lja els\u0151sorban a tanul\u00f3k seg\u00edt\u00e9se volt abban, hogy a m\u0171v\u00e9szi \u00e9s k\u00f6znapi vizu\u00e1lis k\u00f6zl\u00e9seket pontosan \u00e9rtelmezhess\u00e9k, tov\u00e1bb\u00e1 fokozzuk az alkot\u00f3munka sor\u00e1n a vizu\u00e1lis k\u00f6zl\u00e9s \u00e9s kifejez\u00e9s \u00e1rnyalt megjelen\u00edt\u00e9s\u00e9t. C\u00e9lunk volt tov\u00e1bb\u00e1 a probl\u00e9mamegold\u00f3 k\u00e9pess\u00e9g er\u0151s\u00edt\u00e9se, hisz a feladatok \u00f6n\u00e1ll\u00f3 megold\u00e1sa bizonyos rutinok, k\u00e9szs\u00e9gek kialak\u00edt\u00e1s\u00e1val kezd\u0151dik. Kiemelt fontoss\u00e1g\u00fa feladatunknak tekintett\u00fck a kreativit\u00e1s m\u0171k\u00f6dtet\u00e9s\u00e9t, illetve fejleszt\u00e9s\u00e9t, a kreat\u00edv k\u00e9pess\u00e9gek kibontakoztat\u00e1s\u00e1t.<\/p>\n<p style=\"text-align: justify;\">A tanul\u00f3k \u00f6nismeret\u00e9nek, \u00f6nkritik\u00e1j\u00e1nak, \u00f6n\u00e9rt\u00e9kel\u00e9s\u00e9nek fejleszt\u00e9se a gyakorlati tev\u00e9kenys\u00e9geken kereszt\u00fcl val\u00f3sult meg, amelyek szem\u00e9lyis\u00e9gfejleszt\u0151 hat\u00e1s\u00faak.<\/p>\n<p style=\"text-align: justify;\">A foglalkoz\u00e1sokon nagy lelkesed\u00e9ssel r\u00e9sztvev\u0151 tanul\u00f3k \u2013 B\u00e1nyai Oliv\u00e9r, G\u00e1sp\u00e1r K\u00e1rmen, Janovics Ad\u00e9l, Kornis Karolina, Lipcsei S\u00e1ndor, Mikus N\u00f3ra, Nagy D\u00f3ra, N\u00e9d\u00f3 Nat\u00e1lia, Petrik Let\u00edcia, R\u00e9z Levente, T\u00f3th Katalin \u00e9s Varga Adolf &#8211; az Ismeretterjeszt\u0151 szakaszban az \u00e9letkoruknak megfelel\u0151 szinten, IKT eszk\u00f6z\u00f6k seg\u00edts\u00e9g\u00e9vel a m\u0171v\u00e9szeti st\u00edlusok alapvet\u0151 ismereteivel, legjelent\u0151sebb alkot\u00f3ival ismerkedtek meg. A kreat\u00edv szakasz sor\u00e1n sok technik\u00e1t kipr\u00f3b\u00e1ltak, sok t\u00e9m\u00e1t feldolgoztak. A sz\u00ednek, foltok, form\u00e1k, ritmus megismer\u00e9se sor\u00e1n rengeteg \u00e9rdekes k\u00e9p k\u00e9sz\u00fclt. A k\u00f6z\u00f6s munka sor\u00e1n sz\u00edvesen dolgoztak egy\u00fctt, b\u00e1tran mondtak v\u00e9lem\u00e9nyt, seg\u00edtett\u00e9k egym\u00e1st. A j\u00f3l siker\u00fclt, a t\u00f6bbieknek is tetsz\u0151 alkot\u00e1soknak nagyon tudtak \u00f6r\u00fclni. A legsikeresebb alkot\u00e1sokb\u00f3l ki\u00e1ll\u00edt\u00e1st k\u00e9sz\u00edtett\u00fcnk, ahol b\u00fcszk\u00e9n mutatt\u00e1k be alkot\u00e1saikat az \u00e9rdekl\u0151d\u0151knek.<\/p>\n<p>&nbsp;<\/p>\n<p>L\u00e9vain\u00e9 Bogn\u00e1r Edit, foglalkoz\u00e1svezet\u0151<\/p>\n<h3><i>[slideshow_deploy id=&#8217;395&#8242;]<\/i><\/h3>\n","protected":false},"excerpt":{"rendered":"<p>A 106 \u00f3r\u00e1s foglalkoz\u00e1ssorozat n\u00e9gy r\u00e9szre tagol\u00f3dott: ismeretterjeszt\u0151 szakasz, kreat\u00edv szakasz, szintetiz\u00e1l\u00f3 szakasz, marketing szakasz. A foglalkoz\u00e1sok c\u00e9lja els\u0151sorban a tanul\u00f3k seg\u00edt\u00e9se volt abban, hogy a m\u0171v\u00e9szi \u00e9s k\u00f6znapi vizu\u00e1lis k\u00f6zl\u00e9seket pontosan \u00e9rtelmezhess\u00e9k, tov\u00e1bb\u00e1 fokozzuk az alkot\u00f3munka sor\u00e1n a vizu\u00e1lis k\u00f6zl\u00e9s \u00e9s kifejez\u00e9s \u00e1rnyalt megjelen\u00edt\u00e9s\u00e9t. C\u00e9lunk volt tov\u00e1bb\u00e1 a probl\u00e9mamegold\u00f3 k\u00e9pess\u00e9g er\u0151s\u00edt\u00e9se, hisz a feladatok <a class=\"read-more\" href=\"https:\/\/vdamk.hu\/?page_id=34\">Read More<\/a><\/p>\n","protected":false},"author":1,"featured_media":0,"parent":18,"menu_order":0,"comment_status":"closed","ping_status":"closed","template":"","meta":{"footnotes":""},"_links":{"self":[{"href":"https:\/\/vdamk.hu\/index.php?rest_route=\/wp\/v2\/pages\/34"}],"collection":[{"href":"https:\/\/vdamk.hu\/index.php?rest_route=\/wp\/v2\/pages"}],"about":[{"href":"https:\/\/vdamk.hu\/index.php?rest_route=\/wp\/v2\/types\/page"}],"author":[{"embeddable":true,"href":"https:\/\/vdamk.hu\/index.php?rest_route=\/wp\/v2\/users\/1"}],"replies":[{"embeddable":true,"href":"https:\/\/vdamk.hu\/index.php?rest_route=%2Fwp%2Fv2%2Fcomments&post=34"}],"version-history":[{"count":5,"href":"https:\/\/vdamk.hu\/index.php?rest_route=\/wp\/v2\/pages\/34\/revisions"}],"predecessor-version":[{"id":1041,"href":"https:\/\/vdamk.hu\/index.php?rest_route=\/wp\/v2\/pages\/34\/revisions\/1041"}],"up":[{"embeddable":true,"href":"https:\/\/vdamk.hu\/index.php?rest_route=\/wp\/v2\/pages\/18"}],"wp:attachment":[{"href":"https:\/\/vdamk.hu\/index.php?rest_route=%2Fwp%2Fv2%2Fmedia&parent=34"}],"curies":[{"name":"wp","href":"https:\/\/api.w.org\/{rel}","templated":true}]}}