{"id":30,"date":"2014-02-22T09:10:06","date_gmt":"2014-02-22T09:10:06","guid":{"rendered":"http:\/\/vdamk.hu\/?page_id=30"},"modified":"2014-11-21T09:32:51","modified_gmt":"2014-11-21T09:32:51","slug":"babkeszites","status":"publish","type":"page","link":"https:\/\/vdamk.hu\/?page_id=30","title":{"rendered":"B\u00e1bk\u00e9sz\u00edt\u00e9s"},"content":{"rendered":"<p style=\"text-align: justify;\">A 100 \u00f3r\u00e1s foglalkoz\u00e1ssorozat n\u00e9gy r\u00e9szre tagol\u00f3dott: ismeretterjeszt\u0151 szakasz, kreat\u00edv szakasz, szintetiz\u00e1l\u00f3 szakasz, marketing szakasz.<\/p>\n<p style=\"text-align: justify;\">A foglalkoz\u00e1sok c\u00e9lja els\u0151sorban a tanul\u00f3k ismereteinek b\u0151v\u00edt\u00e9se, k\u00e9pess\u00e9geik komplex fejleszt\u00e9se volt az akt\u00edv, cselekedtet\u0151 tanul\u00e1s \u00e1ltal. A foglakoz\u00e1sok alatt a gyermekek sokat tapasztaltak. T\u00f6bbf\u00e9le anyagfajt\u00e1val ismerkedtek meg. Megtanultak szabni \u00e9s varrni. \u00c1t\u00e9lt\u00e9k az alkot\u00e1s \u00f6r\u00f6m\u00e9t, hiszen az egyszer\u0171 feh\u00e9r anyagb\u00f3l vagy \u00e9ppen egy hungarocell goly\u00f3b\u00f3l maradand\u00f3 \u00e9s szemet gy\u00f6ny\u00f6rk\u00f6dtet\u0151 b\u00e1bokat k\u00e9sz\u00edtettek. Fejl\u0151d\u00f6tt a t\u00fcrelm\u00fck, kitart\u00e1suk, a szem-k\u00e9z koordin\u00e1ci\u00f3juk, finommozg\u00e1suk, a ritmus\u00e9rz\u00e9k\u00fck, a figyelm\u00fck, az eszt\u00e9tikai \u00e9rz\u00e9k\u00fck \u00e9s az egym\u00e1s ir\u00e1nti toleranci\u00e1juk.<\/p>\n<p style=\"text-align: justify;\">A foglalkoz\u00e1sokon r\u00e9szt vev\u0151 gyermekek \u2013 F\u00e1bi\u00e1n G\u00e1bor, Gerencs\u00e9r Liza, Horv\u00e1th Emese, Kerepesi Bettina, Mitr\u00f3 Lili, Nagy Kriszti\u00e1n, \u00d3csai Korn\u00e9l, Par\u00f3czi Lilla, Par\u00f3czi R\u00e9ka, R\u00e1cz Bence, Rupa J\u00f3zsef, Szurma Vivien, Vend\u00e9gh Rebeka \u2013 k\u00f6r\u00e9ben egy \u00faj, vid\u00e1m k\u00f6z\u00f6ss\u00e9g alakult ki. M\u00e1s oszt\u00e1lyokb\u00f3l, m\u00e1s \u00e9vfolyamokr\u00f3l \u00e9rkeztek, de m\u00e9gis megtanult\u00e1k a k\u00f6z\u00f6ss\u00e9ghez val\u00f3 alkalmazkod\u00e1st. Az ismeretterjeszt\u0151 szakaszban megismerkedtek a b\u00e1boz\u00e1s k\u00fclf\u00f6ldi vonal\u00e1val, majd a magyarorsz\u00e1gi b\u00e1boz\u00e1s t\u00f6rt\u00e9net\u00e9r\u0151l \u00e9s neves alakjair\u00f3l is olvashattak. A kreat\u00edv szakaszban sokf\u00e9le b\u00e1bot k\u00e9sz\u00edtettek a n\u00e9pi hagyom\u00e1nyok figyelembe v\u00e9tel\u00e9vel. \u00cdgy a maszkos b\u00e1bokat bus\u00f3 \u00e1larcok form\u00e1j\u00e1ban jelen\u00edtett\u00e9k meg, az \u00e1rnyb\u00e1bok k\u00e9sz\u00edt\u00e9sekor egy magyar n\u00e9pdal szerepl\u0151it k\u00e9sz\u00edtett\u00e9k el a foglalkoz\u00e1svezet\u0151k seg\u00edts\u00e9g\u00e9vel. Nagy kih\u00edv\u00e1s volt sz\u00e1mukra a keszty\u0171b\u00e1bok kivitelez\u00e9se. Meg kellett tanulniuk szabni \u00e9s varrni. De a v\u00e9g\u00e9n mutat\u00f3s keszty\u0171b\u00e1bokkal lett\u00fcnk gazdagabbak. A gyermekek t\u00fcrelmesen, kitart\u00f3an dolgoztak. Megv\u00e1rt\u00e1k, ha egy-egy t\u00e1rsuk lemaradt \u00e9s seg\u00edtettek neki. Az elk\u00e9sz\u00fclt munkadarabokat b\u00fcszk\u00e9n, \u00f6r\u00f6mmel mutatt\u00e1k be.<\/p>\n<p>&nbsp;<\/p>\n<p>Kov\u00e1csn\u00e9 T\u00f3th Szilvia\u00a0\u00a0\u00a0\u00a0\u00a0\u00a0\u00a0\u00a0\u00a0\u00a0\u00a0\u00a0\u00a0\u00a0\u00a0\u00a0\u00a0\u00a0\u00a0\u00a0\u00a0\u00a0\u00a0 Luk\u00e1csin\u00e9 Korm\u00e1nyos \u00c1gnes\u00a0\u00a0\u00a0\u00a0\u00a0\u00a0\u00a0\u00a0\u00a0\u00a0\u00a0 Szab\u00f3n\u00e9 Balogh Erzs\u00e9bet<\/p>\n<p>foglalkoz\u00e1svezet\u0151k<\/p>\n<h3><i>[slideshow_deploy id=&#8217;499&#8242;]<\/i><\/h3>\n","protected":false},"excerpt":{"rendered":"<p>A 100 \u00f3r\u00e1s foglalkoz\u00e1ssorozat n\u00e9gy r\u00e9szre tagol\u00f3dott: ismeretterjeszt\u0151 szakasz, kreat\u00edv szakasz, szintetiz\u00e1l\u00f3 szakasz, marketing szakasz. A foglalkoz\u00e1sok c\u00e9lja els\u0151sorban a tanul\u00f3k ismereteinek b\u0151v\u00edt\u00e9se, k\u00e9pess\u00e9geik komplex fejleszt\u00e9se volt az akt\u00edv, cselekedtet\u0151 tanul\u00e1s \u00e1ltal. A foglakoz\u00e1sok alatt a gyermekek sokat tapasztaltak. T\u00f6bbf\u00e9le anyagfajt\u00e1val ismerkedtek meg. Megtanultak szabni \u00e9s varrni. \u00c1t\u00e9lt\u00e9k az alkot\u00e1s \u00f6r\u00f6m\u00e9t, hiszen az egyszer\u0171 feh\u00e9r <a class=\"read-more\" href=\"https:\/\/vdamk.hu\/?page_id=30\">Read More<\/a><\/p>\n","protected":false},"author":1,"featured_media":0,"parent":18,"menu_order":0,"comment_status":"closed","ping_status":"closed","template":"","meta":{"footnotes":""},"_links":{"self":[{"href":"https:\/\/vdamk.hu\/index.php?rest_route=\/wp\/v2\/pages\/30"}],"collection":[{"href":"https:\/\/vdamk.hu\/index.php?rest_route=\/wp\/v2\/pages"}],"about":[{"href":"https:\/\/vdamk.hu\/index.php?rest_route=\/wp\/v2\/types\/page"}],"author":[{"embeddable":true,"href":"https:\/\/vdamk.hu\/index.php?rest_route=\/wp\/v2\/users\/1"}],"replies":[{"embeddable":true,"href":"https:\/\/vdamk.hu\/index.php?rest_route=%2Fwp%2Fv2%2Fcomments&post=30"}],"version-history":[{"count":6,"href":"https:\/\/vdamk.hu\/index.php?rest_route=\/wp\/v2\/pages\/30\/revisions"}],"predecessor-version":[{"id":1032,"href":"https:\/\/vdamk.hu\/index.php?rest_route=\/wp\/v2\/pages\/30\/revisions\/1032"}],"up":[{"embeddable":true,"href":"https:\/\/vdamk.hu\/index.php?rest_route=\/wp\/v2\/pages\/18"}],"wp:attachment":[{"href":"https:\/\/vdamk.hu\/index.php?rest_route=%2Fwp%2Fv2%2Fmedia&parent=30"}],"curies":[{"name":"wp","href":"https:\/\/api.w.org\/{rel}","templated":true}]}}