{"id":28,"date":"2014-02-22T09:09:37","date_gmt":"2014-02-22T09:09:37","guid":{"rendered":"http:\/\/vdamk.hu\/?page_id=28"},"modified":"2014-11-21T09:31:44","modified_gmt":"2014-11-21T09:31:44","slug":"textiliak-fonalak","status":"publish","type":"page","link":"https:\/\/vdamk.hu\/?page_id=28","title":{"rendered":"&#8222;Text\u00edli\u00e1k- fonalak&#8221;"},"content":{"rendered":"<p style=\"text-align: justify;\">A 140 \u00f3r\u00e1s foglalkoz\u00e1ssorozat n\u00e9gy r\u00e9szre tagol\u00f3dott: ismeretterjeszt\u0151 szakasz, kreat\u00edv szakasz, szintetiz\u00e1l\u00f3 szakasz, marketing szakasz.<\/p>\n<p style=\"text-align: justify;\">A foglalkoz\u00e1ssorozat kiemelt feladatai voltak: a n\u00e9pi iparm\u0171v\u00e9szettel val\u00f3 megismerked\u00e9s, a hagyom\u00e1nyok \u00e9let\u00fcnkben bet\u00f6lt\u00f6tt szerep\u00e9nek a megbesz\u00e9l\u00e9se, a helyi \u00e9rt\u00e9kekhez val\u00f3 kapcsol\u00f3d\u00e1s.<\/p>\n<p style=\"text-align: justify;\">A foglalkoz\u00e1sok c\u00e9lja els\u0151sorban azoknak a k\u00e9pess\u00e9geknek, k\u00e9szs\u00e9geknek a fejleszt\u00e9se, ismereteknek az \u00e1tad\u00e1sa volt, amelyek a vizu\u00e1lis kommunik\u00e1ci\u00f3 magasabb szint\u0171 m\u0171vel\u00e9s\u00e9hez, a l\u00e1that\u00f3 vil\u00e1g haszn\u00e1lat\u00e1hoz, alak\u00edt\u00e1s\u00e1hoz, a kreativit\u00e1s fejleszt\u00e9s\u00e9hez sz\u00fcks\u00e9gesek. Tov\u00e1bbi c\u00e9lk\u00e9nt t\u0171zt\u00fck ki a k\u00f6zvetlen tapasztalatszerz\u00e9st, az anyagokkal val\u00f3 \u00e9rintkez\u00e9s, az \u00e9rz\u00e9kel\u00e9s \u00e9rz\u00e9kenys\u00e9g\u00e9nek fokoz\u00e1s\u00e1t. Az alkot\u00f3munka folyamat\u00e1nak, \u00f6sszetev\u0151inek gyakorlati elsaj\u00e1t\u00edt\u00e1s\u00e1val az alkot\u00e1s \u00f6r\u00f6m\u00e9nek \u00e1t\u00e9l\u00e9se, a munka megbecs\u00fcl\u00e9se, v\u00e9gs\u0151 soron a pozit\u00edv alkot\u00f3 magatart\u00e1s kialak\u00edt\u00e1sa is c\u00e9ljaink k\u00f6z\u00f6tt szerepelt.<\/p>\n<p style=\"text-align: justify;\">Az ismeretterjeszt\u0151 szakaszban a tanul\u00f3k \u2013 Csereklei Maja, Muzsnyai M\u00e1t\u00e9, S\u00e1rk\u00f6zi Nat\u00e1lia, Tabajdi Viktor, Mikus D\u00f3ra, N\u00e9d\u00f3 Georgina, Balanyi D\u00f3ra, Sztak\u00f3 Kata, Kiss Evelin, Tan\u00e1cs Szimonetta, S\u00e1rk\u00f6zi Kiara, Lipcsei S\u00e1ndor, Mih\u00e1ly Natasa, Icsei Merc\u00e9desz \u2013 megismert\u00e9k k\u00f6rnyezet\u00fcnk anyagait, a text\u00edli\u00e1k nyersanyagait, tulajdons\u00e1gait, felhaszn\u00e1l\u00e1si lehet\u0151s\u00e9geit, majd megbesz\u00e9lt\u00e9k, hogy mit nevezhetnek k\u00f6rnyezet\u00fcnk \u00e9rt\u00e9keinek, azaz mi a k\u00fcl\u00f6nbs\u00e9g a szem\u00e9t \u00e9s a hullad\u00e9k k\u00f6z\u00f6tt. Ezut\u00e1n gyakorlati foglalkoz\u00e1sok k\u00f6vetkeztek. Itt elsaj\u00e1t\u00edtott\u00e1k \u00e9s begyakorolt\u00e1k a fon\u00e1sok fajt\u00e1it, a sz\u00f6v\u00e9st (tarisznya, ter\u00edt\u0151, sz\u0151nyeg k\u00e9sz\u00edt\u00e9se), madzagsz\u00f6v\u00e9ssel, p\u00f3koz\u00e1ssal fon\u00e1lk\u00e9pet k\u00e9sz\u00edtettek, az \u00f6lt\u00e9sek megismer\u00e9se ut\u00e1n pedig h\u00edmz\u00e9s k\u00f6vetkezett. Nagy lelkesed\u00e9ssel v\u00e9gezt\u00e9k a nemezel\u00e9st, a nemezlabd\u00e1k elk\u00e9sz\u00edt\u00e9s\u00e9t. K\u00f6rm\u00f6csk\u00e9z\u00e9ssel tov\u00e1bbi kit\u0171z\u0151k, \u00e1llatfigur\u00e1k, hajp\u00e1ntok, kark\u00f6t\u0151k k\u00e9sz\u00fcltek, amelyeket a ki\u00e1ll\u00edt\u00e1son is bemutattak a gyermekek.<\/p>\n<p>&nbsp;<\/p>\n<p>Horv\u00e1th Tibor, foglalkoz\u00e1svezet\u0151<\/p>\n<p><i>[slideshow_deploy id=&#8217;1025&#8242;]<\/i><\/p>\n","protected":false},"excerpt":{"rendered":"<p>A 140 \u00f3r\u00e1s foglalkoz\u00e1ssorozat n\u00e9gy r\u00e9szre tagol\u00f3dott: ismeretterjeszt\u0151 szakasz, kreat\u00edv szakasz, szintetiz\u00e1l\u00f3 szakasz, marketing szakasz. A foglalkoz\u00e1ssorozat kiemelt feladatai voltak: a n\u00e9pi iparm\u0171v\u00e9szettel val\u00f3 megismerked\u00e9s, a hagyom\u00e1nyok \u00e9let\u00fcnkben bet\u00f6lt\u00f6tt szerep\u00e9nek a megbesz\u00e9l\u00e9se, a helyi \u00e9rt\u00e9kekhez val\u00f3 kapcsol\u00f3d\u00e1s. A foglalkoz\u00e1sok c\u00e9lja els\u0151sorban azoknak a k\u00e9pess\u00e9geknek, k\u00e9szs\u00e9geknek a fejleszt\u00e9se, ismereteknek az \u00e1tad\u00e1sa volt, amelyek a vizu\u00e1lis kommunik\u00e1ci\u00f3 <a class=\"read-more\" href=\"https:\/\/vdamk.hu\/?page_id=28\">Read More<\/a><\/p>\n","protected":false},"author":1,"featured_media":0,"parent":18,"menu_order":0,"comment_status":"closed","ping_status":"closed","template":"","meta":{"footnotes":""},"_links":{"self":[{"href":"https:\/\/vdamk.hu\/index.php?rest_route=\/wp\/v2\/pages\/28"}],"collection":[{"href":"https:\/\/vdamk.hu\/index.php?rest_route=\/wp\/v2\/pages"}],"about":[{"href":"https:\/\/vdamk.hu\/index.php?rest_route=\/wp\/v2\/types\/page"}],"author":[{"embeddable":true,"href":"https:\/\/vdamk.hu\/index.php?rest_route=\/wp\/v2\/users\/1"}],"replies":[{"embeddable":true,"href":"https:\/\/vdamk.hu\/index.php?rest_route=%2Fwp%2Fv2%2Fcomments&post=28"}],"version-history":[{"count":5,"href":"https:\/\/vdamk.hu\/index.php?rest_route=\/wp\/v2\/pages\/28\/revisions"}],"predecessor-version":[{"id":1031,"href":"https:\/\/vdamk.hu\/index.php?rest_route=\/wp\/v2\/pages\/28\/revisions\/1031"}],"up":[{"embeddable":true,"href":"https:\/\/vdamk.hu\/index.php?rest_route=\/wp\/v2\/pages\/18"}],"wp:attachment":[{"href":"https:\/\/vdamk.hu\/index.php?rest_route=%2Fwp%2Fv2%2Fmedia&parent=28"}],"curies":[{"name":"wp","href":"https:\/\/api.w.org\/{rel}","templated":true}]}}