{"id":26,"date":"2014-02-22T09:09:08","date_gmt":"2014-02-22T09:09:08","guid":{"rendered":"http:\/\/vdamk.hu\/?page_id=26"},"modified":"2014-11-21T09:27:02","modified_gmt":"2014-11-21T09:27:02","slug":"mindenik-embernek-lelkeben-dal-van","status":"publish","type":"page","link":"https:\/\/vdamk.hu\/?page_id=26","title":{"rendered":"&#8222;Mindenik embernek lelk\u00e9ben dal van&#8221;"},"content":{"rendered":"<p style=\"text-align: justify;\">A 127 \u00f3r\u00e1s foglalkoz\u00e1ssorozat n\u00e9gy r\u00e9szre tagol\u00f3dott: ismeretterjeszt\u0151 szakasz, kreat\u00edv szakasz, szintetiz\u00e1l\u00f3 szakasz, marketing szakasz.<\/p>\n<p style=\"text-align: justify;\">A foglalkoz\u00e1sok c\u00e9lja nem csak az volt, hogy a gyermekek megtanuljanak citer\u00e1zni,hanem meg\u00e9rts\u00e9k, hogy mi\u00e9rt fontos \u00e9s mi\u00e9rt j\u00f3, ha a n\u00e9pi kult\u00far\u00e1hoz k\u00f6zelebb ker\u00fclnek. A foglalkoz\u00e1ssorozat elej\u00e9n volt, hogy saj\u00e1t k\u00e9sz\u00edt\u00e9s\u0171 kishangszereket k\u00e9sz\u00edtett\u00fcnk, valamint ritmushangszerekkel \u201ej\u00e1tszottunk\u201d.<\/p>\n<p style=\"text-align: justify;\">A foglalkoz\u00e1sokra j\u00e1r\u00f3 tanul\u00f3k \u2013 Csereklei Maja, Feith Laura, Hajd\u00fa L\u00e1szl\u00f3 D\u00e1vid, Kubics Anita, Pet\u0151 D\u00e1vid, S\u00e1rk\u00f6zi Nat\u00e1lia, Szab\u00f3 G\u00e1bor Istv\u00e1n, Szekeres Panna, Sz\u0171cs Bence, Tabajdi Viktor, Muzsnyai M\u00e1t\u00e9, Szab\u00f3 M\u00f3nika \u2013 a citera-szakk\u00f6r els\u0151 foglalkoz\u00e1sainak alkalm\u00e1val el\u0151sz\u00f6r magyar t\u00e1jegys\u00e9gekkel ismerkedtek meg, magyar n\u00e9pi gyermekj\u00e1t\u00e9kokat \u00e9s k\u00f6rj\u00e1t\u00e9kokat tanultak, amelynek seg\u00edts\u00e9g\u00e9vel nemcsak a t\u00e1jegys\u00e9geket ismert\u00e9k meg, hanem dialektusokat, \u00e9s szok\u00e1sokat saj\u00e1t\u00edtottak el, valamint egym\u00e1ssal is megismerkedtek. A k\u00e9s\u0151bbiekben olyan t\u00e1jegys\u00e9gek \u00e9nekeit tanultuk meg, amelyek j\u00f3l szeml\u00e9ltett\u00e9k azt, hogy t\u00e1jegys\u00e9genk\u00e9nt milyen elt\u00e9r\u0151 d\u00edsz\u00edt\u0151 \u00e9s cifr\u00e1z\u00f3 mot\u00edvumok lelhet\u0151k fel a magyarorsz\u00e1gi t\u00e1jakon. Ilyen t\u00e1jegys\u00e9gek voltak pl.: S\u00e1rk\u00f6z, Kalocsa, Szatm\u00e1r, Kiskuns\u00e1g, Pal\u00f3c\u2026 Adatk\u00f6zl\u0151kt\u0151l hallgattunk \u00e9s n\u00e9zt\u00fcnk meg olyan vide\u00f3kat, amelyek j\u00f3l szeml\u00e9ltett\u00e9k a r\u00e9gi vil\u00e1g zenei \u00e9rt\u00e9keit. Miut\u00e1n az alapok megvoltak, beindulhatott a val\u00f3s\u00e1gos citeratanul\u00e1s. A gyermekek az els\u0151 megtanult dal alkalm\u00e1val nagyon motiv\u00e1ltt\u00e1 v\u00e1ltak, \u00e9s ez\u00e9rt m\u00e9g hat\u00e9konyabban tudtunk \u00faj dalokat venni. Sok iskolai \u00e9s nem iskolai m\u0171soron is megmutatt\u00e1k a tehets\u00e9g\u00fcket. A foglalkoz\u00e1s-sorozat eredm\u00e9ny\u00e9nek nevezhetj\u00fck, hogy megalakult a Sz\u0151, fon, nem tak\u00e1cs citera egy\u00fcttes.<\/p>\n<p>&nbsp;<\/p>\n<p>Szanyi-Ruszny\u00e1k Edit, foglalkoz\u00e1svezet\u0151<\/p>\n<h3><i>[slideshow_deploy id=&#8217;255&#8242;]<\/i><\/h3>\n","protected":false},"excerpt":{"rendered":"<p>A 127 \u00f3r\u00e1s foglalkoz\u00e1ssorozat n\u00e9gy r\u00e9szre tagol\u00f3dott: ismeretterjeszt\u0151 szakasz, kreat\u00edv szakasz, szintetiz\u00e1l\u00f3 szakasz, marketing szakasz. A foglalkoz\u00e1sok c\u00e9lja nem csak az volt, hogy a gyermekek megtanuljanak citer\u00e1zni,hanem meg\u00e9rts\u00e9k, hogy mi\u00e9rt fontos \u00e9s mi\u00e9rt j\u00f3, ha a n\u00e9pi kult\u00far\u00e1hoz k\u00f6zelebb ker\u00fclnek. A foglalkoz\u00e1ssorozat elej\u00e9n volt, hogy saj\u00e1t k\u00e9sz\u00edt\u00e9s\u0171 kishangszereket k\u00e9sz\u00edtett\u00fcnk, valamint ritmushangszerekkel \u201ej\u00e1tszottunk\u201d. A foglalkoz\u00e1sokra j\u00e1r\u00f3 <a class=\"read-more\" href=\"https:\/\/vdamk.hu\/?page_id=26\">Read More<\/a><\/p>\n","protected":false},"author":1,"featured_media":0,"parent":18,"menu_order":0,"comment_status":"closed","ping_status":"closed","template":"","meta":{"footnotes":""},"_links":{"self":[{"href":"https:\/\/vdamk.hu\/index.php?rest_route=\/wp\/v2\/pages\/26"}],"collection":[{"href":"https:\/\/vdamk.hu\/index.php?rest_route=\/wp\/v2\/pages"}],"about":[{"href":"https:\/\/vdamk.hu\/index.php?rest_route=\/wp\/v2\/types\/page"}],"author":[{"embeddable":true,"href":"https:\/\/vdamk.hu\/index.php?rest_route=\/wp\/v2\/users\/1"}],"replies":[{"embeddable":true,"href":"https:\/\/vdamk.hu\/index.php?rest_route=%2Fwp%2Fv2%2Fcomments&post=26"}],"version-history":[{"count":5,"href":"https:\/\/vdamk.hu\/index.php?rest_route=\/wp\/v2\/pages\/26\/revisions"}],"predecessor-version":[{"id":1022,"href":"https:\/\/vdamk.hu\/index.php?rest_route=\/wp\/v2\/pages\/26\/revisions\/1022"}],"up":[{"embeddable":true,"href":"https:\/\/vdamk.hu\/index.php?rest_route=\/wp\/v2\/pages\/18"}],"wp:attachment":[{"href":"https:\/\/vdamk.hu\/index.php?rest_route=%2Fwp%2Fv2%2Fmedia&parent=26"}],"curies":[{"name":"wp","href":"https:\/\/api.w.org\/{rel}","templated":true}]}}